{"id":2,"date":"2019-08-14T20:51:02","date_gmt":"2019-08-14T18:51:02","guid":{"rendered":"http:\/\/bo-bremen.net\/?page_id=2"},"modified":"2023-08-02T14:20:21","modified_gmt":"2023-08-02T12:20:21","slug":"beispiel-seite","status":"publish","type":"page","link":"https:\/\/www.bo-gyo-bremen.de\/","title":{"rendered":"Berufliche Orientierung &#8211; ein \u00dcberblick"},"content":{"rendered":"\n<h2 class=\"wp-block-heading\"><strong>Abschlussbericht: Zentrale Erkenntnisse zur Integration von BO-Materialien im Fachunterricht und zur Zusammenarbeit mit sozio\u00f6konomisch benachteiligten Eltern<\/strong><\/h2>\n\n\n\n<p>Nach Abschluss des Projekts \u201eVertiefung zur Praxis der Beruflichen Orientierung im Land Bremen\u201c freuen wir uns, die Ergebnisse unserer wissenschaftlichen Erhebungen und die daraus resultierenden Handlungsempfehlungen der breiten \u00d6ffentlichkeit zug\u00e4nglich zu machen. Der Abschlussbericht bietet einen detaillierten Einblick in die Einbindung verschiedener Unterrichtsmaterialien zur beruflichen Orientierung in den Fachunterricht und erl\u00e4utert die Nutzung und Potentiale der futureBOx, einem digitalen Portfolio f\u00fcr die berufliche Orientierung, &nbsp;aus Sicht der Lehrer*innen. Im dritten Teil des Berichts liegt der Schwerpunkt auf der Darstellung der Ergebnisse des Teilprojekts, das auf die Perspektiven sozio\u00f6konomisch benachteiligter Eltern und Sorgeberechtigter in Bezug auf die BO-Zusammenarbeit mit den Schulen ihrer Kinder fokussiert. Dabei werden konkrete Vorschl\u00e4ge zur Organisation dieser Zusammenarbeit unterbreitet. Die Handlungsempfehlungen bieten kompakte Hinweise zur konstruktiven und ermutigenden Begleitung von Jugendlichen auf ihrem Weg von der Schule in den Beruf.<\/p>\n\n\n\n<p>Wir laden Lehrer*innen, p\u00e4dagogisches Personal, Eltern, Sorgeberechtigte, Unternehmen, Fachwissenschaftler*innen und Interessierte zur Lekt\u00fcre des Berichts ein.<\/p>\n\n\n\n<p><a href=\"https:\/\/www.bo-gyo-bremen.de\/wp-content\/uploads\/2023\/05\/BOGyO-V_Abschlussbericht-Verlaengerung_final.pdf\">https:\/\/www.bo-gyo-bremen.de\/wp-content\/uploads\/2023\/05\/BOGyO-V_Abschlussbericht-Verlaengerung_final.pdf<\/a><\/p>\n\n\n\n<hr class=\"wp-block-separator has-css-opacity\"\/>\n\n\n\n<h2 class=\"wp-block-heading\"><strong>Die Beruflichen Orientierungsprozesse von Jugendlichen begleiten? \u2013 als Querschnitt im Fachunterricht und in Zusammenarbeit mit strukturell benachteiligten Eltern auf Augenh\u00f6he<\/strong><\/h2>\n\n\n\n<p>Die Phase der Beruflichen Orientierung am \u00dcbergang von der Schule in einen Beruf oder ein Studium ist eine wegweisende im Leben von Jugendlichen. Sie beeinflusst nicht nur die individuellen Lebensverl\u00e4ufe, in ihr realisieren sich h\u00e4ufig auch Weichenstellungen, die zu einer Reproduktion sozialer Ungleichheit f\u00fchren. Nicht nur Jugendliche f\u00fchlen sich in diesem \u00dcbergangsprozess stark gefordert, auch Lehrkr\u00e4fte \u00e4u\u00dfern Verunsicherungen. Dies betrifft z.B. die Einbindung von berufs- und studienorientierenden Materialien in den Fachunterricht oder den Umgang mit Differenz und Heterogenit\u00e4t.<\/p>\n\n\n\n<p>Ebendiese Dimensionen werden in dem halbj\u00e4hrigen Projekt \u201eVertiefung der Praxis beruflicher Orientierung im Land Bremen\u201c in Kooperation zwischen dem ITB in Bremen und dem I\u00d6B \u2013 Institut f\u00fcr \u00f6konomische Bildung, Oldenburg vertieft. W\u00e4hrend Prof. Dr. Rudolf Schr\u00f6der, Dr. Tina Fletemeyer und Dr. Miriam Reu\u00dfner (I\u00d6B) in einem Teilprojekt die praktische Integration berufs- und studienorientierender Lehr- und Lernmaterialien in den Fachunterricht sowie die Einbindung eines digitalen Dokumentationsinstrumentes wissenschaftlich begleiten, wenden sich Prof. Dr. Alisha Heinemann und Julia Tietjen (ITB) in einem weiteren Teilprojekt der Perspektive von Eltern und Bezugspersonen aus sozio-\u00f6konomisch benachteiligten Haushalten zu. Aus den erhobenen Daten werden anschlie\u00dfend u. a. Handlungsempfehlungen f\u00fcr Lehrkr\u00e4fte, Schulleitungen und bildungspolitische Entscheidungstr\u00e4ger*innen abgeleitet.<\/p>\n\n\n\n<hr class=\"wp-block-separator has-css-opacity\"\/>\n\n\n\n<h2 class=\"wp-block-heading\"><strong>Publikationsank\u00fcndigung in der Zf\u00f6B<\/strong> &#8211; <strong>\u201eBerufliche Orientierung und p\u00e4dagogische Verantwortung\u201c<\/strong><\/h2>\n\n\n\n<h2 class=\"wp-block-heading\">Status und Perspektiven f\u00fcr die Berufliche Orientierung in den gymnasialen Oberstufen<\/h2>\n\n\n\n<p>Nach der inspirierenden und engagierten Online-Fachtagung am 19. und 20. Juli freuen wir uns, die Ver\u00f6ffentlichung einer Sonderausgabe der Zeitschrift f\u00fcr \u00f6konomische Bildung (Zf\u00f6B) im Fr\u00fchjahr 2022 ank\u00fcndigen zu d\u00fcrfen.<\/p>\n\n\n\n<p>Sie erwarten vielf\u00e4ltige und spannende Beitr\u00e4ge \u00fcber die Themenfelder Heterogenit\u00e4t und Inklusion, Digitalisierung von Lernangebote sowie die Steuerungs- und Entwicklungsaufgaben in der Beruflichen Orientierung. Bislang gewonnene Erkenntnisse und Erfahrungen aus dem im Land Bremen durchgef\u00fchrten Projekt zur beruflichen Orientierung an der gymnasialen Oberstufe werden in der Publikation in einen Dialog mit weiteren Perspektiven aus Wissenschaft und Schulpraxis gebracht.<\/p>\n\n\n\n<p>Mit Beitr\u00e4gen \u00fcber das \u201eLeben und Arbeiten in Europa &#8211; Sch\u00fcler*innenvor- und einstellungen und deren Bedeutung f\u00fcr die berufliche Orientierung\u201c, \u00fcber die Begleitung von beruflichen Orientierungsprozessen in heterogenen Lernr\u00e4umen uvm. werden Akteur*innen aus der Schulpraxis, den Erziehungswissenschaften und der Bildungspolitik adressiert. Zudem geben Beitr\u00e4ge \u00fcber Berufliche Orientierung mit Online-Modulen und E-Portfolios Hinweise, wie der selbstverantwortliche&nbsp;Berufsorientierungsprozess digital unterst\u00fctzt werden kann. Neben diesen erwarten Sie noch diverse weitere Beitr\u00e4ge.<\/p>\n\n\n\n<p>Wir freuen uns auf weiteren Austausch in Wissenschaft und Schulpraxis!<\/p>\n\n\n\n<hr class=\"wp-block-separator has-css-opacity\"\/>\n\n\n\n<h2 class=\"wp-block-heading\"><strong>Erkl\u00e4rvideos f\u00fcr Lehrer*innen und p\u00e4dagogische Fachkr\u00e4fte<\/strong><\/h2>\n\n\n\n<p>Der \u00dcbergang von der Schule in den Beruf stellt f\u00fcr viele Sch\u00fcler*innen eine besondere Herausforderung dar und hier werden oft entscheidende Weichen f\u00fcr den weiteren Lebensweg gestellt. F\u00fcr Lehrer*innen und p\u00e4dagogische Fachkr\u00e4fte ist es daher eine bedeutsame Aufgabe, Sch\u00fcler*innen in diesem Prozess zu begleiten, sie in der Nutzung ihrer Ressourcen zu st\u00e4rken, in ihrer Individualit\u00e4t anzuerkennen und auf m\u00f6gliche berufliche Wege und Ziele aufmerksam zu machen. Dies stellt in zunehmend heterogener werdenden Klassenr\u00e4umen und sich gleichzeitig immer weiter ausdifferenzierenden M\u00f6glichkeiten der schulischen Anschlussperspektiven eine besondere Herausforderung dar.<\/p>\n\n\n\n<p>Im Rahmen des Projekts \u201eBOGyO &#8211; Berufliche Orientierung f\u00fcr Sch\u00fcler und Sch\u00fclerinnen der gymnasialen Oberstufe\u201c haben wir deshalb einige kurze Erkl\u00e4rvideos entwickelt, die f\u00fcr ein paar der h\u00e4ufig vorkommenden Fragen als Unterst\u00fctzung und Reflexionshilfe dienen k\u00f6nnen. Eines der zentralen Anliegen des Projektes ist es, Lehrer*innen und p\u00e4dagogische Fachkr\u00e4fte in ihrer Aufgabe, berufsorientierende Ma\u00dfnahmen zu gestalten, zu unterst\u00fctzen und zu entlasten.&nbsp;<\/p>\n\n\n\n<p>Wir freuen uns, Ihnen in K\u00fcrze pr\u00e4gnante und n\u00fctzliche Erkl\u00e4rvideos zu folgenden Themen anbieten zu k\u00f6nnen.<\/p>\n\n\n\n<ul class=\"wp-block-list\">\n<li><strong>Intersektionalit\u00e4t \u2013 Eine Analysehilfe<\/strong><\/li>\n\n\n\n<li><strong>Antimuslimischer Rassismus \u2013 Zuschreibungen reflektieren<\/strong><\/li>\n\n\n\n<li><strong>Reflexion der eigenen Berufsbiographie<\/strong><\/li>\n\n\n\n<li><strong>Elternarbeit \u2013 Produktive Kooperation auf Augenh\u00f6he<\/strong><\/li>\n\n\n\n<li><strong>Empowerment \u2013 Sch\u00fcler*innen st\u00e4rken<\/strong><\/li>\n<\/ul>\n\n\n\n<p>Als ersten Einstieg beginnen wir mit dem Video Intersektionalit\u00e4t \u2013 Eine Analysehilfe. Weitere Videos folgen!<\/p>\n\n\n\n<hr class=\"wp-block-separator has-css-opacity\"\/>\n\n\n\n<h2 class=\"wp-block-heading\"><strong>Berufliche Orientierung in der GyO \u2013 Konzepte anpassen und weiterenwickeln<\/strong><\/h2>\n\n\n\n<p>Sch\u00fcler:innen f\u00e4llt es angesichts zahlreicher M\u00f6glichkeiten zunehmend schwer eine Entscheidung bez\u00fcglich ihrer beruflichen Zukunft zu treffen. Um Sch\u00fcler:innen im Prozess der beruflichen Orientierung mehr Sicherheit zu geben und hohen Ausbildungs- und Studienabbruchquoten entgegenzuwirken hat die Stiftung der Deutschen Wirtschaft mit 50 Modulen das Handbuch \u201eBerufliche Orientierung wirksam begleiten\u201c f\u00fcr Bremen angepasst.<\/p>\n\n\n\n<p>Mit zahlreichen Arbeits- und Lernmaterialien in itslearning und dem speziell f\u00fcr Bremen entwickelten E-Portfolio \u201afutureBOx\u2018 stehen zudem zwei Instrumente zur Verf\u00fcgung, mit denen Lehrkr\u00e4fte mit ihren Sch\u00fcler:innen digital gest\u00fctzt und kompetenzorientiert nach individuellen Schwerpunkten arbeiten k\u00f6nnen.<\/p>\n\n\n\n<p>Wie l\u00e4sst sich aus dieser Vielfalt der Elemente ein tragf\u00e4higes Konzept f\u00fcr eine Berufliche Orientierung in der GyO, die den individuellen Bed\u00fcrfnissen der Sch\u00fcler:innen Rechnung tr\u00e4gt, anpassen und an Kolleg:innen weitergeben? An diesem Fachnachmtitag wird ein \u00dcberblick \u00fcber die Instrumente gegeben sowie in die vertiefende Online-Fortbildung \u201eBO in der GyO \u2013 Konzept\u201c eingef\u00fchrt.<\/p>\n\n\n\n<p>Ziele: Die Teilnehmenden<\/p>\n\n\n\n<ul class=\"wp-block-list\">\n<li>lernen individuelle und effiziente Nutzungsm\u00f6glichkeiten der Itslearning-Materialien und des E-Portfolio \u201efutureBOx\u201c f\u00fcr den BO-Prozess kennenlernen,<\/li>\n\n\n\n<li>nehmen Anregungen mit, wie sie das BO-Konzept ihrer Schulen mit den vorhandenen Instrumenten an die Bed\u00fcrfnisse der Sch\u00fcler:innen anpassen k\u00f6nnen,<\/li>\n\n\n\n<li>erhalten Kenntnis wie die Ressourcen, die den Sch\u00fcler:innen erm\u00f6glichen, Module in Eigenarbeit umzusetzen, in das BO-Konzept einzubinden sind.<\/li>\n<\/ul>\n\n\n\n<p><strong>Kursnr.<\/strong>&nbsp;21-60012&nbsp;<\/p>\n\n\n\n<p><strong>Beginn<\/strong>&nbsp;Mi., 09.02.2022, 15:30 \u2013 17:30 Uhr&nbsp;<\/p>\n\n\n\n<p><strong>Dauer<\/strong>&nbsp;1 Termin<\/p>\n\n\n\n<p><strong>Anmeldeschluss<\/strong>&nbsp;02.02.2022&nbsp;<\/p>\n\n\n\n<p><strong>Geb\u00fchr<\/strong>&nbsp;14,00 \u20ac&nbsp;<a href=\"https:\/\/fortbildung.lis.bremen.de\/teilnahmebedingungen\/\" target=\"_blank\" rel=\"noreferrer noopener\">(gilt nur f\u00fcr Externe)<\/a><\/p>\n\n\n\n<p><strong>Zielgruppe<\/strong>&nbsp;Sek. II Gymnasiale Oberstufe<\/p>\n\n\n\n<p>Weitere Informationen finden Sie unter:&nbsp;<a href=\"https:\/\/fortbildung.lis.bremen.de\/oberschule-gymnasium\/\">Oberschule &amp; Gymnasium<\/a><\/p>\n\n\n\n<hr class=\"wp-block-separator has-css-opacity\"\/>\n\n\n\n<h2 class=\"wp-block-heading\">Zum Projekt<\/h2>\n\n\n\n<p>Viele Abiturient*innen stehen nach dem Schulabschluss vor der Qual der Wahl. Es stehen ihnen hunderte Ausbildungsberufe und tausende Studieng\u00e4nge offen. Die richtige Entscheidung zu treffen, f\u00e4llt da schwer. Die Schule als zentraler Ort f\u00fcr die fr\u00fche Berufsorientierung junger Menschen steht vor der Herausforderung den individuellen beruflichen Orientierungsprozess von Sch\u00fcler*innen aktiv mitzugestalten. <\/p>\n\n\n\n<p>Das <a href=\"https:\/\/prezi.com\/view\/UJHV90ArPRZacu6KWpu3\/\">Forschungsprojekt BOGyO<\/a> konzentriert sich auf einen Teilbereich der Schulen im Bundesland Bremen, n\u00e4mlich auf die Oberstufen der Gymnasien und Oberschulen sowie der Beruflichen Gymnasien. Ziel des Projekts ist es, die berufliche Orientierung in den jeweiligen Schulen <strong>systematisch mit nachhaltigen Ma\u00dfnahmen zu verankern.<\/strong> Weiterhin gilt es, ein <strong>regionales Netzwerk<\/strong> aufzubauen, das Partner*innen aus den Hochschulen und der Wirtschaft in den Stadtgemeinden Bremen und Bremerhaven n\u00e4her mit den Akteur*innen in den Schulen zusammenbringt. Unser zentrales Anliegen ist es, <strong>Lehrpersonen, die an den Schulen in ihrem gesetzlichen Auftrag berufsorientierende Ma\u00dfnahmen durchf\u00fchren, durch das Projekt zu unterst\u00fctzen und zu entlasten.<\/strong> <\/p>\n\n\n\n<p>W\u00e4hrend der Projektlaufzeit <strong>bauen wir auf den an den Gymnasialen Oberstufen des Landes Bremen bereits bestehenden Konzepten und Ans\u00e4tzen beruflicher Bildung auf.<\/strong> In Kooperation mit den Lehrpersonen der Schulen entwickeln wir noch breiter verankerte und vernetzte Ma\u00dfnahmen und bereiten bereits erprobte Standards und Best-Practices auf. Neu entwickelte Konzepte werden die aktuellen Ver\u00e4nderungen in der Arbeitswelt sowie die Besonderheiten des Wirtschaftsstandorts Bremen ber\u00fccksichtigen.<\/p>\n\n\n\n<p>Weiterhin wird ein <strong>itslearning Kurs zum Thema Berufliche Orientierung<\/strong> entwickelt und erprobt sowie ein E-Portfolio (futurebox) entwickelt, das den Sch\u00fcler*innen zur Dokumentation ihrer Erfahrungen und Ergebnisse dienen und sie zur vertiefter Reflexion sowie letztendlich fundierter Entscheidungsfindung anregen soll. <\/p>\n\n\n\n<p><strong>Damit Sch\u00fcler*innen der gymnasialen Oberstufe auch in Zeiten von Corona nicht auf Berufs- und Studienorientierung verzichten m\u00fcssen, werden aktuell \u201eExpert*inneninterviews\u201c in Unternehmen durchgef\u00fchrt,<\/strong> die die individuelle Berufslaufbahnorientierung der Interviewten, die Auseinandersetzung mit konkreten Arbeitsfeldern und \u2013bedingungen sowie die Pr\u00e4sentation des Unternehmens f\u00fcr die Sch\u00fclerinnen und Sch\u00fcler erfahrbar machen und in ihrer Berufswahl st\u00e4rken.<\/p>\n\n\n\n<p>\u00a9 Das Logo zum Projekt wurde vom Kurs Grafik Design, FOS Jahrg. 12, der Wilhelm Wagenfeld Schule entwickelt.<\/p>\n\n\n\n<p><\/p>\n\n\n<h3 style=\"color: #545454 !important;\">Informationen f\u00fcr Lehrkr\u00e4fte finde sie <a href=\"https:\/\/www.bo-gyo-bremen.de\/index.php\/ueber-das-projekt\/\">hier<\/a><\/h3>\n\n\n<div style=\"height:44px\" aria-hidden=\"true\" class=\"wp-block-spacer\"><\/div>\n","protected":false},"excerpt":{"rendered":"<p>Abschlussbericht: Zentrale Erkenntnisse zur Integration von BO-Materialien im Fachunterricht und zur Zusammenarbeit mit sozio\u00f6konomisch benachteiligten Eltern Nach Abschluss des Projekts \u201eVertiefung zur Praxis der Beruflichen Orientierung im Land Bremen\u201c freuen wir uns, die Ergebnisse unserer wissenschaftlichen Erhebungen und die daraus resultierenden Handlungsempfehlungen der breiten \u00d6ffentlichkeit zug\u00e4nglich zu machen. Der Abschlussbericht bietet einen detaillierten Einblick in<\/p><\/div>\n<div class=\"blog-btn\"><a href=\"https:\/\/www.bo-gyo-bremen.de\/\" class=\"home-blog-btn\">Weiterlesen<\/a><\/p>\n","protected":false},"author":1,"featured_media":0,"parent":0,"menu_order":0,"comment_status":"closed","ping_status":"open","template":"","meta":{"footnotes":""},"class_list":["post-2","page","type-page","status-publish","hentry"],"_links":{"self":[{"href":"https:\/\/www.bo-gyo-bremen.de\/index.php\/wp-json\/wp\/v2\/pages\/2","targetHints":{"allow":["GET"]}}],"collection":[{"href":"https:\/\/www.bo-gyo-bremen.de\/index.php\/wp-json\/wp\/v2\/pages"}],"about":[{"href":"https:\/\/www.bo-gyo-bremen.de\/index.php\/wp-json\/wp\/v2\/types\/page"}],"author":[{"embeddable":true,"href":"https:\/\/www.bo-gyo-bremen.de\/index.php\/wp-json\/wp\/v2\/users\/1"}],"replies":[{"embeddable":true,"href":"https:\/\/www.bo-gyo-bremen.de\/index.php\/wp-json\/wp\/v2\/comments?post=2"}],"version-history":[{"count":60,"href":"https:\/\/www.bo-gyo-bremen.de\/index.php\/wp-json\/wp\/v2\/pages\/2\/revisions"}],"predecessor-version":[{"id":583,"href":"https:\/\/www.bo-gyo-bremen.de\/index.php\/wp-json\/wp\/v2\/pages\/2\/revisions\/583"}],"wp:attachment":[{"href":"https:\/\/www.bo-gyo-bremen.de\/index.php\/wp-json\/wp\/v2\/media?parent=2"}],"curies":[{"name":"wp","href":"https:\/\/api.w.org\/{rel}","templated":true}]}}